{"id":3520,"date":"2024-08-29T09:21:58","date_gmt":"2024-08-29T09:21:58","guid":{"rendered":"https:\/\/studiohaarfrei.de\/?page_id=3520"},"modified":"2025-01-14T16:30:31","modified_gmt":"2025-01-14T16:30:31","slug":"faq-haeufig-gestellt","status":"publish","type":"page","link":"https:\/\/studiohaarfrei.de\/en\/faq-haeufig-gestellt\/","title":{"rendered":"FAQ"},"content":{"rendered":"<div class=\"wpb-content-wrapper\"><div class=\"vc_row wpb_row vc_row-fluid vc_custom_1579536936445\"><div class=\"wpb_column vc_column_container vc_col-sm-12\"><div class=\"vc_column-inner vc_custom_1579537007662\"><div class=\"wpb_wrapper\"><div id=\"ultimate-heading-686369f10ec6427e7\" class=\"uvc-heading ult-adjust-bottom-margin ultimate-heading-686369f10ec6427e7 uvc-2435 Ueberschrift\" data-hspacer=\"no_spacer\"  data-halign=\"left\" style=\"text-align:left\"><div class=\"uvc-heading-spacer no_spacer\" style=\"top\"><\/div><div class=\"uvc-main-heading ult-responsive\"  data-ultimate-target='.uvc-heading.ultimate-heading-686369f10ec6427e7 h1'  data-responsive-json-new='{\"font-size\":\"desktop:36px;mobile:28px;\",\"line-height\":\"desktop:46px;mobile:34px;\"}' ><h1 style=\"--font-weight:theme;color:#ffffff;\">FAQ<\/h1><\/div><\/div><div id=\"ultimate-heading-522769f10ec642883\" class=\"uvc-heading ult-adjust-bottom-margin ultimate-heading-522769f10ec642883 uvc-2088\" data-hspacer=\"no_spacer\"  data-halign=\"left\" style=\"text-align:left\"><div class=\"uvc-heading-spacer no_spacer\" style=\"top\"><\/div><div class=\"uvc-sub-heading ult-responsive\"  data-ultimate-target='.uvc-heading.ultimate-heading-522769f10ec642883 .uvc-sub-heading '  data-responsive-json-new='{\"font-size\":\"desktop:22px;tablet:22px;tablet_portrait:22px;mobile_landscape:20px;mobile:20px;\",\"line-height\":\"desktop:32px;tablet:32px;tablet_portrait:32px;mobile_landscape:30px;mobile:30px;\"}'  style=\"font-family:&#039;Poppins&#039;;font-weight:normal;color:#303030;margin-top:10px;\">Frequently asked questions<\/div><\/div>\n\t<div class=\"wpb_text_column wpb_content_element\" >\n\t\t<div class=\"wpb_wrapper\">\n\t\t\t<p>newest diode laser technology<\/p>\n\n\t\t<\/div>\n\t<\/div>\n\n\t<div class=\"wpb_text_column wpb_content_element\" >\n\t\t<div class=\"wpb_wrapper\">\n\t\t\t<p style=\"text-align: left;\">If you have any further questions or would like advice, give us a call! We will be happy to help you.<br \/>\nYou can reach us at the following telephone number: <a href=\"tel:+4985121247157\">+49 851 21247157<\/a><\/p>\n\n\t\t<\/div>\n\t<\/div>\n<\/div><\/div><\/div><\/div><div class=\"vc_row wpb_row vc_row-fluid vc_custom_1579536944933\"><div class=\"wpb_column vc_column_container vc_col-sm-6\"><div class=\"vc_column-inner\"><div class=\"wpb_wrapper\"><div class=\"vc_tta-container\" data-vc-action=\"collapseAll\"><div class=\"vc_general vc_tta vc_tta-accordion vc_tta-color-peacoc vc_tta-style-modern vc_tta-shape-square vc_tta-o-shape-group vc_tta-controls-align-default vc_tta-o-no-fill vc_tta-o-all-clickable\"><div class=\"vc_tta-panels-container\"><div class=\"vc_tta-panels\"><div class=\"vc_tta-panel vc_active\" id=\"Welche-Koerperzonen-koennen-behandelt-werden\" data-vc-content=\".vc_tta-panel-body\"><div class=\"vc_tta-panel-heading\"><h4 class=\"vc_tta-panel-title vc_tta-controls-icon-position-right\"><a href=\"#Welche-Koerperzonen-koennen-behandelt-werden\" data-vc-accordion data-vc-container=\".vc_tta-container\"><span class=\"vc_tta-title-text\">Which areas of the body can be treated?<\/span><i class=\"vc_tta-controls-icon vc_tta-controls-icon-plus\"><\/i><\/a><\/h4><\/div><div class=\"vc_tta-panel-body\">\n\t<div class=\"wpb_text_column wpb_content_element\" >\n\t\t<div class=\"wpb_wrapper\">\n\t\t\t<p>Upper lip, chin, armpits, bikini line, intimate area, beard and hairline, arms, legs, back, shoulders, stomach, chest, buttocks - almost all easily accessible areas of the body can be treated.<\/p>\n\n\t\t<\/div>\n\t<\/div>\n<\/div><\/div><div class=\"vc_tta-panel\" id=\"Welche-Haare-koennen-behandelt-werden\" data-vc-content=\".vc_tta-panel-body\"><div class=\"vc_tta-panel-heading\"><h4 class=\"vc_tta-panel-title vc_tta-controls-icon-position-right\"><a href=\"#Welche-Haare-koennen-behandelt-werden\" data-vc-accordion data-vc-container=\".vc_tta-container\"><span class=\"vc_tta-title-text\">Which hair can be treated?<\/span><i class=\"vc_tta-controls-icon vc_tta-controls-icon-plus\"><\/i><\/a><\/h4><\/div><div class=\"vc_tta-panel-body\">\n\t<div class=\"wpb_text_column wpb_content_element\" >\n\t\t<div class=\"wpb_wrapper\">\n\t\t\t<p>The treatment can be carried out on all hair that contains sufficient pigment (melanin). Laser epilation is particularly effective on dark hair due to the high content of eumelanin (black-brown pigment) in the hair. Light blonde and very fine hair, as well as red hair, generally react little or not at all to laser therapy. They predominantly contain pheomelanin (red-yellow pigment), which absorbs light very poorly. However, the success of treatment cannot be predicted in individual cases. Surprisingly good results have also been observed with blonde hair (less pigment). Conversely, there are also exceptions with particularly stubborn, dark hair.<br \/>\nThe exact result is influenced by other factors:<\/p>\n<ul>\n<li>Hair colour<\/li>\n<li>Hair thickness<\/li>\n<li>Hair depth<\/li>\n<li>Treatment area<\/li>\n<li>Skin type\/ skin tolerance<\/li>\n<li>Skin structure<\/li>\n<li>Light intensity<\/li>\n<\/ul>\n\n\t\t<\/div>\n\t<\/div>\n<\/div><\/div><div class=\"vc_tta-panel\" id=\"Kann-auch-gebraeunte-oder-dunkle-Haut-behandelt-werden\" data-vc-content=\".vc_tta-panel-body\"><div class=\"vc_tta-panel-heading\"><h4 class=\"vc_tta-panel-title vc_tta-controls-icon-position-right\"><a href=\"#Kann-auch-gebraeunte-oder-dunkle-Haut-behandelt-werden\" data-vc-accordion data-vc-container=\".vc_tta-container\"><span class=\"vc_tta-title-text\">Can tanned or dark skin also be treated?<\/span><i class=\"vc_tta-controls-icon vc_tta-controls-icon-plus\"><\/i><\/a><\/h4><\/div><div class=\"vc_tta-panel-body\">\n\t<div class=\"wpb_text_column wpb_content_element\" >\n\t\t<div class=\"wpb_wrapper\">\n\t\t\t<p>Yes, by choosing the right light intensity and working method, it is also possible to treat tanned or even \u2018black\u2019 skin safely and gently. After prior consultation and examination, the right treatment method is selected and a customised treatment concept is created. Among other things, an automatic skin analysis is carried out to determine the exact pigmentation of the skin area to be treated (skin type).<\/p>\n\n\t\t<\/div>\n\t<\/div>\n<\/div><\/div><div class=\"vc_tta-panel\" id=\"Koennen-100-Prozent-der-Haare-entfernt-werden\" data-vc-content=\".vc_tta-panel-body\"><div class=\"vc_tta-panel-heading\"><h4 class=\"vc_tta-panel-title vc_tta-controls-icon-position-right\"><a href=\"#Koennen-100-Prozent-der-Haare-entfernt-werden\" data-vc-accordion data-vc-container=\".vc_tta-container\"><span class=\"vc_tta-title-text\">Can 100% of the hair be removed?<\/span><i class=\"vc_tta-controls-icon vc_tta-controls-icon-plus\"><\/i><\/a><\/h4><\/div><div class=\"vc_tta-panel-body\">\n\t<div class=\"wpb_text_column wpb_content_element\" >\n\t\t<div class=\"wpb_wrapper\">\n\t\t\t<p>No, probably not. No one can. Some hairs will be too light or too thin for sufficient heating of the hair roots, but they are also barely recognisable and therefore inconspicuous.<\/p>\n\n\t\t<\/div>\n\t<\/div>\n<\/div><\/div><div class=\"vc_tta-panel\" id=\"Sind-die-behandelten-Stellen-fuer-immer-haarfrei\" data-vc-content=\".vc_tta-panel-body\"><div class=\"vc_tta-panel-heading\"><h4 class=\"vc_tta-panel-title vc_tta-controls-icon-position-right\"><a href=\"#Sind-die-behandelten-Stellen-fuer-immer-haarfrei\" data-vc-accordion data-vc-container=\".vc_tta-container\"><span class=\"vc_tta-title-text\">Are the treated areas hair-free forever?<\/span><i class=\"vc_tta-controls-icon vc_tta-controls-icon-plus\"><\/i><\/a><\/h4><\/div><div class=\"vc_tta-panel-body\">\n\t<div class=\"wpb_text_column wpb_content_element\" >\n\t\t<div class=\"wpb_wrapper\">\n\t\t\t<p>Every person has around 5 million hair follicles. Only some of these are active at any one time. Active hair roots that have been destroyed die and cannot regenerate. However, when new hair grows back years later, usually only sporadically, it grows from hair roots that were previously inactive and therefore could not be reached during the previous treatment.<\/p>\n\n\t\t<\/div>\n\t<\/div>\n<\/div><\/div><div class=\"vc_tta-panel\" id=\"Wie-viele-Behandlungen-sind-notwendig\" data-vc-content=\".vc_tta-panel-body\"><div class=\"vc_tta-panel-heading\"><h4 class=\"vc_tta-panel-title vc_tta-controls-icon-position-right\"><a href=\"#Wie-viele-Behandlungen-sind-notwendig\" data-vc-accordion data-vc-container=\".vc_tta-container\"><span class=\"vc_tta-title-text\">How many treatments are necessary?<\/span><i class=\"vc_tta-controls-icon vc_tta-controls-icon-plus\"><\/i><\/a><\/h4><\/div><div class=\"vc_tta-panel-body\">\n\t<div class=\"wpb_text_column wpb_content_element\" >\n\t\t<div class=\"wpb_wrapper\">\n\t\t\t<p>Depending on the skin and hair colour, hair thickness and the area to be treated, around 6 - 10 treatments are realistic. It can certainly be less - but more is also possible. A personal consultation and a detailed medical history are required.<\/p>\n\n\t\t<\/div>\n\t<\/div>\n<\/div><\/div><div class=\"vc_tta-panel\" id=\"Warum-sind-mehrere-Behandlungen-notwendig\" data-vc-content=\".vc_tta-panel-body\"><div class=\"vc_tta-panel-heading\"><h4 class=\"vc_tta-panel-title vc_tta-controls-icon-position-right\"><a href=\"#Warum-sind-mehrere-Behandlungen-notwendig\" data-vc-accordion data-vc-container=\".vc_tta-container\"><span class=\"vc_tta-title-text\">Why are several treatments necessary?<\/span><i class=\"vc_tta-controls-icon vc_tta-controls-icon-plus\"><\/i><\/a><\/h4><\/div><div class=\"vc_tta-panel-body\">\n\t<div class=\"wpb_text_column wpb_content_element\" >\n\t\t<div class=\"wpb_wrapper\">\n\t\t\t<p>The treatment is only ever effective for hair that is at the end of the growth phase (anagen phase). Only in the growth phase does the hair connect the hair papilla to the skin surface. At any one time, however, only approx. 10-20% of body hair is in the growth phase.<\/p>\n<p>In addition, the pigment cells (melanocytes) of the hair root do not constantly produce melanin. The formation of melanin only begins in the late growth phase, which is why only then can the hair root be sufficiently heated using light energy. All other \u2018co-treated\u2019 hairs also fall out, but grow back with a delay.<\/p>\n\n\t\t<\/div>\n\t<\/div>\n<\/div><\/div><div class=\"vc_tta-panel\" id=\"Fallen-die-Haare-sofort-aus\" data-vc-content=\".vc_tta-panel-body\"><div class=\"vc_tta-panel-heading\"><h4 class=\"vc_tta-panel-title vc_tta-controls-icon-position-right\"><a href=\"#Fallen-die-Haare-sofort-aus\" data-vc-accordion data-vc-container=\".vc_tta-container\"><span class=\"vc_tta-title-text\">Does the hair fall out immediately?<\/span><i class=\"vc_tta-controls-icon vc_tta-controls-icon-plus\"><\/i><\/a><\/h4><\/div><div class=\"vc_tta-panel-body\">\n\t<div class=\"wpb_text_column wpb_content_element\" >\n\t\t<div class=\"wpb_wrapper\">\n\t\t\t<p>Depending on the area of the body, hair loss lasts between 10 and 20 days. It will appear to you as if the hair continues to grow normally. Please be patient! The hair root is irreparably damaged by the high-energy light - unfortunately not visible from the outside. The hair is separated from the hair root and slowly shed from the skin. It can take up to 3 months for new hair to grow out of the skin.<\/p>\n\n\t\t<\/div>\n\t<\/div>\n<\/div><\/div><\/div><\/div><\/div><\/div><\/div><\/div><\/div><div class=\"wpb_column vc_column_container vc_col-sm-6\"><div class=\"vc_column-inner\"><div class=\"wpb_wrapper\"><div class=\"vc_tta-container\" data-vc-action=\"collapseAll\"><div class=\"vc_general vc_tta vc_tta-accordion vc_tta-color-peacoc vc_tta-style-modern vc_tta-shape-square vc_tta-o-shape-group vc_tta-controls-align-default vc_tta-o-no-fill vc_tta-o-all-clickable\"><div class=\"vc_tta-panels-container\"><div class=\"vc_tta-panels\"><div class=\"vc_tta-panel vc_active\" id=\"Muessen-die-Haare-vor-der-Behandlung-rasiert-werden\" data-vc-content=\".vc_tta-panel-body\"><div class=\"vc_tta-panel-heading\"><h4 class=\"vc_tta-panel-title vc_tta-controls-icon-position-right\"><a href=\"#Muessen-die-Haare-vor-der-Behandlung-rasiert-werden\" data-vc-accordion data-vc-container=\".vc_tta-container\"><span class=\"vc_tta-title-text\">Does the hair have to be shaved before the treatment?<\/span><i class=\"vc_tta-controls-icon vc_tta-controls-icon-plus\"><\/i><\/a><\/h4><\/div><div class=\"vc_tta-panel-body\">\n\t<div class=\"wpb_text_column wpb_content_element\" >\n\t\t<div class=\"wpb_wrapper\">\n\t\t\t<p>The hair should be as short and shaved as possible for the treatment (approx. 1-2 days beforehand) in order to achieve a comfortable and effective epilation. It is important that the hair is not plucked or pulled out beforehand to facilitate heat conduction from the surface to the hair root (papilla, capillary).<\/p>\n\n\t\t<\/div>\n\t<\/div>\n<\/div><\/div><div class=\"vc_tta-panel\" id=\"In-welchen-Abstaenden-erfolgen-die-Behandlungen\" data-vc-content=\".vc_tta-panel-body\"><div class=\"vc_tta-panel-heading\"><h4 class=\"vc_tta-panel-title vc_tta-controls-icon-position-right\"><a href=\"#In-welchen-Abstaenden-erfolgen-die-Behandlungen\" data-vc-accordion data-vc-container=\".vc_tta-container\"><span class=\"vc_tta-title-text\">At what intervals do the treatments take place?<\/span><i class=\"vc_tta-controls-icon vc_tta-controls-icon-plus\"><\/i><\/a><\/h4><\/div><div class=\"vc_tta-panel-body\">\n\t<div class=\"wpb_text_column wpb_content_element\" >\n\t\t<div class=\"wpb_wrapper\">\n\t\t\t<p>Depending on the area of the body to be treated and individual hair growth, there should be at least 4 to 12 weeks between sessions in order to treat as many hairs as possible during the growth phase. There is no faster way. Hair growth changes as a result of the treatment, so that even remaining hair grows back more slowly.<\/p>\n\n\t\t<\/div>\n\t<\/div>\n<\/div><\/div><div class=\"vc_tta-panel\" id=\"Ist-die-Behandlung-schmerzhaft\" data-vc-content=\".vc_tta-panel-body\"><div class=\"vc_tta-panel-heading\"><h4 class=\"vc_tta-panel-title vc_tta-controls-icon-position-right\"><a href=\"#Ist-die-Behandlung-schmerzhaft\" data-vc-accordion data-vc-container=\".vc_tta-container\"><span class=\"vc_tta-title-text\">Is the treatment painful?<\/span><i class=\"vc_tta-controls-icon vc_tta-controls-icon-plus\"><\/i><\/a><\/h4><\/div><div class=\"vc_tta-panel-body\">\n\t<div class=\"wpb_text_column wpb_content_element\" >\n\t\t<div class=\"wpb_wrapper\">\n\t\t\t<p>Thanks to the continuous development of light and laser technology over the past 20 years, the treatment is now very gentle and painless when used correctly. Most people feel a slight prick or tingling sensation. However, the sensation of pain is individual and varies greatly depending on the area of the body or the \u2018form of the day\u2019.<\/p>\n\n\t\t<\/div>\n\t<\/div>\n<\/div><\/div><div class=\"vc_tta-panel\" id=\"Welche-Nebenwirkungen-sind-moeglich\" data-vc-content=\".vc_tta-panel-body\"><div class=\"vc_tta-panel-heading\"><h4 class=\"vc_tta-panel-title vc_tta-controls-icon-position-right\"><a href=\"#Welche-Nebenwirkungen-sind-moeglich\" data-vc-accordion data-vc-container=\".vc_tta-container\"><span class=\"vc_tta-title-text\">What side effects are possible?<\/span><i class=\"vc_tta-controls-icon vc_tta-controls-icon-plus\"><\/i><\/a><\/h4><\/div><div class=\"vc_tta-panel-body\">\n\t<div class=\"wpb_text_column wpb_content_element\" >\n\t\t<div class=\"wpb_wrapper\">\n\t\t\t<p>A slight feeling of tension, possible slight reddening of the skin and small swellings (pustules) are normal, but fade after a few hours.<\/p>\n\n\t\t<\/div>\n\t<\/div>\n<\/div><\/div><div class=\"vc_tta-panel\" id=\"Worauf-ist-vor-und-nach-der-Behandlung-zu-achten\" data-vc-content=\".vc_tta-panel-body\"><div class=\"vc_tta-panel-heading\"><h4 class=\"vc_tta-panel-title vc_tta-controls-icon-position-right\"><a href=\"#Worauf-ist-vor-und-nach-der-Behandlung-zu-achten\" data-vc-accordion data-vc-container=\".vc_tta-container\"><span class=\"vc_tta-title-text\">What should I look out for before and after treatment?<\/span><i class=\"vc_tta-controls-icon vc_tta-controls-icon-plus\"><\/i><\/a><\/h4><\/div><div class=\"vc_tta-panel-body\">\n\t<div class=\"wpb_text_column wpb_content_element\" >\n\t\t<div class=\"wpb_wrapper\">\n\t\t\t<p>Before and after each treatment (approx. 7 days), intensive sunbathing or tanning should be avoided to prevent skin reddening and irritation. Otherwise, a safe and pleasant treatment may become more difficult. To avoid undesirable side effects such as pigment shifts, the skin should always be protected from direct sunlight, e.g. with sun protection factor 30 or higher, even after treatment.<\/p>\n\n\t\t<\/div>\n\t<\/div>\n<\/div><\/div><div class=\"vc_tta-panel\" id=\"Qualifikation-der-Mitarbeiter-im-Studio-Haarfrei\" data-vc-content=\".vc_tta-panel-body\"><div class=\"vc_tta-panel-heading\"><h4 class=\"vc_tta-panel-title vc_tta-controls-icon-position-right\"><a href=\"#Qualifikation-der-Mitarbeiter-im-Studio-Haarfrei\" data-vc-accordion data-vc-container=\".vc_tta-container\"><span class=\"vc_tta-title-text\">Qualifications of the staff at Studio Haarfrei?<\/span><i class=\"vc_tta-controls-icon vc_tta-controls-icon-plus\"><\/i><\/a><\/h4><\/div><div class=\"vc_tta-panel-body\">\n\t<div class=\"wpb_text_column wpb_content_element\" >\n\t\t<div class=\"wpb_wrapper\">\n\t\t\t<p>All employees of Studio Haarfrei Passau have completed the training and examinations required by the NiSV (Non-ionising Radiation Ordinance). What does NiSV specialist training involve?<\/p>\n<ul>\n<li>NiSV training for a valid certificate of competence consists of 2 modules, which must be completed with an examination:<\/li>\n<li>Module 1 \u2018Fundamentals of the skin and its appendages\u2019 comprises at least 80 teaching units of 45 minutes each. This covers topics such as anatomy, physiology of the skin, overview of devices for the use of non-ionising radiation, the effects of radiation, etc.<\/li>\n<li>Module 2 \u2018Expertise in optical radiation\u2019 focuses on technology.<\/li>\n<li>120 teaching units of 45 minutes each<\/li>\n<\/ul>\n\n\t\t<\/div>\n\t<\/div>\n<\/div><\/div><div class=\"vc_tta-panel\" id=\"Geraetestandard-des-Diodenlaser-Spark-pro\" data-vc-content=\".vc_tta-panel-body\"><div class=\"vc_tta-panel-heading\"><h4 class=\"vc_tta-panel-title vc_tta-controls-icon-position-right\"><a href=\"#Geraetestandard-des-Diodenlaser-Spark-pro\" data-vc-accordion data-vc-container=\".vc_tta-container\"><span class=\"vc_tta-title-text\">Device standard of the Spark pro diode laser<\/span><i class=\"vc_tta-controls-icon vc_tta-controls-icon-plus\"><\/i><\/a><\/h4><\/div><div class=\"vc_tta-panel-body\">\n\t<div class=\"wpb_text_column wpb_content_element\" >\n\t\t<div class=\"wpb_wrapper\">\n\t\t\t<p>The Spark Pro belongs to the premium class of laser devices. Development and production in Israel (Haifa) ensures the highest quality standards.<\/p>\n<ul>\n<li>All devices are manufactured according to ISO standards, have medical CE approval and FDA approval.<\/li>\n<li>The German Association for EU Conformity in Frankfurt confirms the correctness of the authorisation after inspection. This gives our customers confirmation that our devices are NOT cheap Chinese imports with an illegal CE.<\/li>\n<\/ul>\n\n\t\t<\/div>\n\t<\/div>\n<\/div><\/div><\/div><\/div><\/div><\/div><\/div><\/div><\/div><\/div>\n<\/div>","protected":false},"excerpt":{"rendered":"<p>FAQH\u00e4ufige Fragen neuesten Diodenlaser Technologie Wenn Sie weitere Fragen haben oder sich beraten lassen m\u00f6chten, rufen Sie uns an! Wir helfen Ihnen gerne. Sie erreichen uns unter der Telefonnummer: +49 851 21247157 Welche K\u00f6rperzonen k\u00f6nnen behandelt werden? Oberlippe, Kinn, Achseln, Bikinizone, Intimbereich, Bart und Haarans\u00e4tze, Arme, Beine, R\u00fccken, Schultern, Bauch, Brust, Ges\u00e4\u00df \u2013 Nahezu alle&hellip;<\/p>","protected":false},"author":1,"featured_media":13847,"parent":0,"menu_order":0,"comment_status":"closed","ping_status":"closed","template":"","meta":{"footnotes":""},"class_list":["post-3520","page","type-page","status-publish","has-post-thumbnail","hentry","description-off"],"yoast_head":"<!-- This site is optimized with the Yoast SEO plugin v27.5 - https:\/\/yoast.com\/product\/yoast-seo-wordpress\/ -->\n<title>FAQ Dauerhafte Haarentfernung * Studio Haarfrei Passau<\/title>\n<meta name=\"description\" content=\"FAQ Dauerhafte Haarentfernung \u27a4 H\u00e4ufige Fragen zur neuesten Diodenlaser Technologie \u272d dauerhaft weiche und haarfreie Haut\" \/>\n<meta name=\"robots\" content=\"index, follow, max-snippet:-1, max-image-preview:large, max-video-preview:-1\" \/>\n<link rel=\"canonical\" href=\"https:\/\/studiohaarfrei.de\/en\/faq-haeufig-gestellt\/\" \/>\n<meta property=\"og:locale\" content=\"en_GB\" \/>\n<meta property=\"og:type\" content=\"article\" \/>\n<meta property=\"og:title\" content=\"FAQ Dauerhafte Haarentfernung * Studio Haarfrei Passau\" \/>\n<meta property=\"og:description\" content=\"FAQ Dauerhafte Haarentfernung \u27a4 H\u00e4ufige Fragen zur neuesten Diodenlaser Technologie \u272d dauerhaft weiche und haarfreie Haut\" \/>\n<meta property=\"og:url\" content=\"https:\/\/studiohaarfrei.de\/en\/faq-haeufig-gestellt\/\" \/>\n<meta property=\"og:site_name\" content=\"Studio Haarfrei Passau\" \/>\n<meta property=\"article:publisher\" content=\"https:\/\/www.facebook.com\/StudioHaarfreiPassau\" \/>\n<meta property=\"article:modified_time\" content=\"2025-01-14T16:30:31+00:00\" \/>\n<meta property=\"og:image\" content=\"https:\/\/studiohaarfrei.de\/wp-content\/uploads\/2024\/09\/Header_01-mobil_01.jpg\" \/>\n\t<meta property=\"og:image:width\" content=\"800\" \/>\n\t<meta property=\"og:image:height\" content=\"700\" \/>\n\t<meta property=\"og:image:type\" content=\"image\/jpeg\" \/>\n<meta name=\"twitter:card\" content=\"summary_large_image\" \/>\n<meta name=\"twitter:label1\" content=\"Estimated reading time\" \/>\n\t<meta name=\"twitter:data1\" content=\"6 minutes\" \/>\n<script type=\"application\/ld+json\" class=\"yoast-schema-graph\">{\"@context\":\"https:\\\/\\\/schema.org\",\"@graph\":[{\"@type\":\"WebPage\",\"@id\":\"https:\\\/\\\/studiohaarfrei.de\\\/faq-haeufig-gestellt\\\/\",\"url\":\"https:\\\/\\\/studiohaarfrei.de\\\/faq-haeufig-gestellt\\\/\",\"name\":\"FAQ Dauerhafte Haarentfernung * Studio Haarfrei Passau\",\"isPartOf\":{\"@id\":\"https:\\\/\\\/studiohaarfrei.de\\\/#website\"},\"primaryImageOfPage\":{\"@id\":\"https:\\\/\\\/studiohaarfrei.de\\\/faq-haeufig-gestellt\\\/#primaryimage\"},\"image\":{\"@id\":\"https:\\\/\\\/studiohaarfrei.de\\\/faq-haeufig-gestellt\\\/#primaryimage\"},\"thumbnailUrl\":\"https:\\\/\\\/studiohaarfrei.de\\\/wp-content\\\/uploads\\\/2024\\\/09\\\/Header_01-mobil_01.jpg\",\"datePublished\":\"2024-08-29T09:21:58+00:00\",\"dateModified\":\"2025-01-14T16:30:31+00:00\",\"description\":\"FAQ Dauerhafte Haarentfernung \u27a4 H\u00e4ufige Fragen zur neuesten Diodenlaser Technologie \u272d dauerhaft weiche und haarfreie Haut\",\"breadcrumb\":{\"@id\":\"https:\\\/\\\/studiohaarfrei.de\\\/faq-haeufig-gestellt\\\/#breadcrumb\"},\"inLanguage\":\"en-GB\",\"potentialAction\":[{\"@type\":\"ReadAction\",\"target\":[\"https:\\\/\\\/studiohaarfrei.de\\\/faq-haeufig-gestellt\\\/\"]}]},{\"@type\":\"ImageObject\",\"inLanguage\":\"en-GB\",\"@id\":\"https:\\\/\\\/studiohaarfrei.de\\\/faq-haeufig-gestellt\\\/#primaryimage\",\"url\":\"https:\\\/\\\/studiohaarfrei.de\\\/wp-content\\\/uploads\\\/2024\\\/09\\\/Header_01-mobil_01.jpg\",\"contentUrl\":\"https:\\\/\\\/studiohaarfrei.de\\\/wp-content\\\/uploads\\\/2024\\\/09\\\/Header_01-mobil_01.jpg\",\"width\":800,\"height\":700,\"caption\":\"FAQ Dauerhafte Haarentfernung H\u00e4ufige Fragen\"},{\"@type\":\"BreadcrumbList\",\"@id\":\"https:\\\/\\\/studiohaarfrei.de\\\/faq-haeufig-gestellt\\\/#breadcrumb\",\"itemListElement\":[{\"@type\":\"ListItem\",\"position\":1,\"name\":\"Startseite\",\"item\":\"https:\\\/\\\/studiohaarfrei.de\\\/\"},{\"@type\":\"ListItem\",\"position\":2,\"name\":\"FAQ\"}]},{\"@type\":\"WebSite\",\"@id\":\"https:\\\/\\\/studiohaarfrei.de\\\/#website\",\"url\":\"https:\\\/\\\/studiohaarfrei.de\\\/\",\"name\":\"Studio Haarfrei Passau\",\"description\":\"Haarentfernung mit  Diodenlaser\",\"publisher\":{\"@id\":\"https:\\\/\\\/studiohaarfrei.de\\\/#organization\"},\"potentialAction\":[{\"@type\":\"SearchAction\",\"target\":{\"@type\":\"EntryPoint\",\"urlTemplate\":\"https:\\\/\\\/studiohaarfrei.de\\\/?s={search_term_string}\"},\"query-input\":{\"@type\":\"PropertyValueSpecification\",\"valueRequired\":true,\"valueName\":\"search_term_string\"}}],\"inLanguage\":\"en-GB\"},{\"@type\":\"Organization\",\"@id\":\"https:\\\/\\\/studiohaarfrei.de\\\/#organization\",\"name\":\"Studio Haarfrei Passau\",\"url\":\"https:\\\/\\\/studiohaarfrei.de\\\/\",\"logo\":{\"@type\":\"ImageObject\",\"inLanguage\":\"en-GB\",\"@id\":\"https:\\\/\\\/studiohaarfrei.de\\\/#\\\/schema\\\/logo\\\/image\\\/\",\"url\":\"https:\\\/\\\/studiohaarfrei.de\\\/wp-content\\\/uploads\\\/2024\\\/08\\\/Logo-normal-300.png\",\"contentUrl\":\"https:\\\/\\\/studiohaarfrei.de\\\/wp-content\\\/uploads\\\/2024\\\/08\\\/Logo-normal-300.png\",\"width\":300,\"height\":128,\"caption\":\"Studio Haarfrei Passau\"},\"image\":{\"@id\":\"https:\\\/\\\/studiohaarfrei.de\\\/#\\\/schema\\\/logo\\\/image\\\/\"},\"sameAs\":[\"https:\\\/\\\/www.facebook.com\\\/StudioHaarfreiPassau\",\"https:\\\/\\\/www.instagram.com\\\/studiohaarfreipassau\\\/\"]}]}<\/script>\n<!-- \/ Yoast SEO plugin. -->","yoast_head_json":{"title":"FAQ Dauerhafte Haarentfernung * Studio Haarfrei Passau","description":"FAQ Dauerhafte Haarentfernung \u27a4 H\u00e4ufige Fragen zur neuesten Diodenlaser Technologie \u272d dauerhaft weiche und haarfreie Haut","robots":{"index":"index","follow":"follow","max-snippet":"max-snippet:-1","max-image-preview":"max-image-preview:large","max-video-preview":"max-video-preview:-1"},"canonical":"https:\/\/studiohaarfrei.de\/en\/faq-haeufig-gestellt\/","og_locale":"en_GB","og_type":"article","og_title":"FAQ Dauerhafte Haarentfernung * Studio Haarfrei Passau","og_description":"FAQ Dauerhafte Haarentfernung \u27a4 H\u00e4ufige Fragen zur neuesten Diodenlaser Technologie \u272d dauerhaft weiche und haarfreie Haut","og_url":"https:\/\/studiohaarfrei.de\/en\/faq-haeufig-gestellt\/","og_site_name":"Studio Haarfrei Passau","article_publisher":"https:\/\/www.facebook.com\/StudioHaarfreiPassau","article_modified_time":"2025-01-14T16:30:31+00:00","og_image":[{"width":800,"height":700,"url":"https:\/\/studiohaarfrei.de\/wp-content\/uploads\/2024\/09\/Header_01-mobil_01.jpg","type":"image\/jpeg"}],"twitter_card":"summary_large_image","twitter_misc":{"Estimated reading time":"6 minutes"},"schema":{"@context":"https:\/\/schema.org","@graph":[{"@type":"WebPage","@id":"https:\/\/studiohaarfrei.de\/faq-haeufig-gestellt\/","url":"https:\/\/studiohaarfrei.de\/faq-haeufig-gestellt\/","name":"FAQ Dauerhafte Haarentfernung * Studio Haarfrei Passau","isPartOf":{"@id":"https:\/\/studiohaarfrei.de\/#website"},"primaryImageOfPage":{"@id":"https:\/\/studiohaarfrei.de\/faq-haeufig-gestellt\/#primaryimage"},"image":{"@id":"https:\/\/studiohaarfrei.de\/faq-haeufig-gestellt\/#primaryimage"},"thumbnailUrl":"https:\/\/studiohaarfrei.de\/wp-content\/uploads\/2024\/09\/Header_01-mobil_01.jpg","datePublished":"2024-08-29T09:21:58+00:00","dateModified":"2025-01-14T16:30:31+00:00","description":"FAQ Dauerhafte Haarentfernung \u27a4 H\u00e4ufige Fragen zur neuesten Diodenlaser Technologie \u272d dauerhaft weiche und haarfreie Haut","breadcrumb":{"@id":"https:\/\/studiohaarfrei.de\/faq-haeufig-gestellt\/#breadcrumb"},"inLanguage":"en-GB","potentialAction":[{"@type":"ReadAction","target":["https:\/\/studiohaarfrei.de\/faq-haeufig-gestellt\/"]}]},{"@type":"ImageObject","inLanguage":"en-GB","@id":"https:\/\/studiohaarfrei.de\/faq-haeufig-gestellt\/#primaryimage","url":"https:\/\/studiohaarfrei.de\/wp-content\/uploads\/2024\/09\/Header_01-mobil_01.jpg","contentUrl":"https:\/\/studiohaarfrei.de\/wp-content\/uploads\/2024\/09\/Header_01-mobil_01.jpg","width":800,"height":700,"caption":"FAQ Dauerhafte Haarentfernung H\u00e4ufige Fragen"},{"@type":"BreadcrumbList","@id":"https:\/\/studiohaarfrei.de\/faq-haeufig-gestellt\/#breadcrumb","itemListElement":[{"@type":"ListItem","position":1,"name":"Startseite","item":"https:\/\/studiohaarfrei.de\/"},{"@type":"ListItem","position":2,"name":"FAQ"}]},{"@type":"WebSite","@id":"https:\/\/studiohaarfrei.de\/#website","url":"https:\/\/studiohaarfrei.de\/","name":"Studio Haarfrei Passau","description":"Hair removal with diode laser","publisher":{"@id":"https:\/\/studiohaarfrei.de\/#organization"},"potentialAction":[{"@type":"SearchAction","target":{"@type":"EntryPoint","urlTemplate":"https:\/\/studiohaarfrei.de\/?s={search_term_string}"},"query-input":{"@type":"PropertyValueSpecification","valueRequired":true,"valueName":"search_term_string"}}],"inLanguage":"en-GB"},{"@type":"Organization","@id":"https:\/\/studiohaarfrei.de\/#organization","name":"Studio Haarfrei Passau","url":"https:\/\/studiohaarfrei.de\/","logo":{"@type":"ImageObject","inLanguage":"en-GB","@id":"https:\/\/studiohaarfrei.de\/#\/schema\/logo\/image\/","url":"https:\/\/studiohaarfrei.de\/wp-content\/uploads\/2024\/08\/Logo-normal-300.png","contentUrl":"https:\/\/studiohaarfrei.de\/wp-content\/uploads\/2024\/08\/Logo-normal-300.png","width":300,"height":128,"caption":"Studio Haarfrei Passau"},"image":{"@id":"https:\/\/studiohaarfrei.de\/#\/schema\/logo\/image\/"},"sameAs":["https:\/\/www.facebook.com\/StudioHaarfreiPassau","https:\/\/www.instagram.com\/studiohaarfreipassau\/"]}]}},"_links":{"self":[{"href":"https:\/\/studiohaarfrei.de\/en\/wp-json\/wp\/v2\/pages\/3520","targetHints":{"allow":["GET"]}}],"collection":[{"href":"https:\/\/studiohaarfrei.de\/en\/wp-json\/wp\/v2\/pages"}],"about":[{"href":"https:\/\/studiohaarfrei.de\/en\/wp-json\/wp\/v2\/types\/page"}],"author":[{"embeddable":true,"href":"https:\/\/studiohaarfrei.de\/en\/wp-json\/wp\/v2\/users\/1"}],"replies":[{"embeddable":true,"href":"https:\/\/studiohaarfrei.de\/en\/wp-json\/wp\/v2\/comments?post=3520"}],"version-history":[{"count":23,"href":"https:\/\/studiohaarfrei.de\/en\/wp-json\/wp\/v2\/pages\/3520\/revisions"}],"predecessor-version":[{"id":17952,"href":"https:\/\/studiohaarfrei.de\/en\/wp-json\/wp\/v2\/pages\/3520\/revisions\/17952"}],"wp:featuredmedia":[{"embeddable":true,"href":"https:\/\/studiohaarfrei.de\/en\/wp-json\/wp\/v2\/media\/13847"}],"wp:attachment":[{"href":"https:\/\/studiohaarfrei.de\/en\/wp-json\/wp\/v2\/media?parent=3520"}],"curies":[{"name":"wp","href":"https:\/\/api.w.org\/{rel}","templated":true}]}}