{"id":3464,"date":"2016-07-12T21:43:33","date_gmt":"2016-07-12T20:43:33","guid":{"rendered":"https:\/\/the7.io\/restaurant\/?page_id=56"},"modified":"2025-09-12T11:01:04","modified_gmt":"2025-09-12T11:01:04","slug":"kontakt","status":"publish","type":"page","link":"https:\/\/studiohaarfrei.de\/en\/kontakt\/","title":{"rendered":"Contact"},"content":{"rendered":"<div class=\"wpb-content-wrapper\"><div id=\"Kontakt\" data-vc-full-width=\"true\" data-vc-full-width-temp=\"true\" data-vc-full-width-init=\"false\" data-vc-stretch-content=\"true\" class=\"vc_row wpb_row vc_row-fluid vc_custom_1726053864897 vc_row-has-fill vc_row-no-padding\"><div class=\"wpb_column vc_column_container vc_col-sm-12 vc_col-lg-6 vc_col-md-6\"><div class=\"vc_column-inner vc_custom_1726053920189\"><div class=\"wpb_wrapper\"><div class=\"vc_row wpb_row vc_inner vc_row-fluid\"><div class=\"wpb_column vc_column_container vc_col-sm-10 vc_col-lg-offset-2 vc_col-lg-8 vc_col-md-offset-1 vc_col-md-10 vc_col-sm-offset-1\"><div class=\"vc_column-inner vc_custom_1509347144158\"><div class=\"wpb_wrapper\"><div id=\"ultimate-heading-836069f2dfd60c215\" class=\"uvc-heading ult-adjust-bottom-margin ultimate-heading-836069f2dfd60c215 uvc-9840 Ueberschrift\" data-hspacer=\"no_spacer\"  data-halign=\"left\" style=\"text-align:left\"><div class=\"uvc-heading-spacer no_spacer\" style=\"top\"><\/div><div class=\"uvc-main-heading ult-responsive\"  data-ultimate-target='.uvc-heading.ultimate-heading-836069f2dfd60c215 h1'  data-responsive-json-new='{\"font-size\":\"desktop:26px;\",\"line-height\":\"desktop:36px;\"}' ><h1 style=\"--font-weight:theme;color:#ffffff;\">Termin vereinbaren<\/h1><\/div><\/div><div class=\"vc_empty_space\"   style=\"height: 24px\"><span class=\"vc_empty_space_inner\"><\/span><\/div>\n\t<div class=\"wpb_text_column wpb_content_element \" >\n\t\t<div class=\"wpb_wrapper\">\n\t\t\t<p style=\"text-align: left;\">Gerne stehen wir f\u00fcr Ihre Anfragen jederzeit zur Verf\u00fcgung. Unser Team vom STUDIO Haarfrei Passau freut sich auf Ihre Kontaktaufnahme. Sprechen Sie uns gerne an!<\/p>\n\n\t\t<\/div>\n\t<\/div>\n<div class=\"vc_empty_space\"   style=\"height: 24px\"><span class=\"vc_empty_space_inner\"><\/span><\/div><div class=\"aio-icon-component  vc_custom_1726147632111  accent-icon-color accent-border-color style_1\"><a class=\"aio-icon-box-link\" href=\"https:\/\/www.google.com\/maps\/dir\/\/Ludwigstra%C3%9Fe+2,+94032+Passau\/@48.5749919,13.3779325,12z\/data=!4m8!4m7!1m0!1m5!1m1!1s0x477458a823aee3fd:0x2f7221e3e466a5e5!2m2!1d13.4603329!2d48.5750213?entry=ttu&#038;g_ep=EgoyMDI0MDkwOS4wIKXMDSoASAFQAw%3D%3D\" target=\"_blank\" rel=\"noopener\" ><div id=\"Info-box-wrap-7535\" class=\"aio-icon-box left-icon\" style=\"\"  ><div class=\"aio-icon-left\"><div class=\"ult-just-icon-wrapper  \"><div class=\"align-icon\" style=\"text-align:center;\">\n<div class=\"aio-icon advanced \"  style=\"border-style:solid;border-color:;border-width:2px;width:48px;height:48px;line-height:48px;border-radius:0px;font-size:30px;display:inline-block;\">\n\t<i class=\"Defaults-map-marker\"><\/i>\n<\/div><\/div><\/div><\/div><div class=\"aio-ibd-block\"><div class=\"aio-icon-header\" ><h3 class=\"aio-icon-title ult-responsive\"  data-ultimate-target='#Info-box-wrap-7535 .aio-icon-title'  data-responsive-json-new='{\"font-size\":\"desktop:20px;\",\"line-height\":\"desktop:30px;\"}'  style=\"\">Ludwigstra\u00dfe 2 | 94032 Passau<\/h3><\/div> <!-- header --><\/div> <!-- aio-ibd-block --><\/div> <!-- aio-icon-box --><\/a><\/div> <!-- aio-icon-component --><div class=\"aio-icon-component  vc_custom_1725891321301  accent-icon-color accent-border-color style_1\"><a class=\"aio-icon-box-link\" href=\"tel:+4985121247157\" title=\"Jetzt anrufen!\" ><div id=\"Info-box-wrap-3460\" class=\"aio-icon-box left-icon\" style=\"\"  ><div class=\"aio-icon-left\"><div class=\"ult-just-icon-wrapper  \"><div class=\"align-icon\" style=\"text-align:center;\">\n<div class=\"aio-icon advanced \"  style=\"border-style:solid;border-color:;border-width:2px;width:48px;height:48px;line-height:48px;border-radius:0px;font-size:30px;display:inline-block;\">\n\t<i class=\"Defaults-phone\"><\/i>\n<\/div><\/div><\/div><\/div><div class=\"aio-ibd-block\"><div class=\"aio-icon-header\" ><h3 class=\"aio-icon-title ult-responsive\"  data-ultimate-target='#Info-box-wrap-3460 .aio-icon-title'  data-responsive-json-new='{\"font-size\":\"desktop:20px;\",\"line-height\":\"desktop:30px;\"}'  style=\"\">+49 851 21247157<\/h3><\/div> <!-- header --><\/div> <!-- aio-ibd-block --><\/div> <!-- aio-icon-box --><\/a><\/div> <!-- aio-icon-component --><div class=\"aio-icon-component  vc_custom_1725275238395  accent-icon-color accent-border-color style_1\"><div id=\"Info-box-wrap-6424\" class=\"aio-icon-box left-icon\" style=\"\"  ><div class=\"aio-icon-left\"><div class=\"ult-just-icon-wrapper  \"><div class=\"align-icon\" style=\"text-align:center;\">\n<div class=\"aio-icon advanced \"  style=\"border-style:solid;border-color:;border-width:2px;width:48px;height:48px;line-height:48px;border-radius:0px;font-size:30px;display:inline-block;\">\n\t<i class=\"Defaults-envelope-o\"><\/i>\n<\/div><\/div><\/div><\/div><div class=\"aio-ibd-block\"><div class=\"aio-icon-header\" ><h3 class=\"aio-icon-title ult-responsive\"  data-ultimate-target='#Info-box-wrap-6424 .aio-icon-title'  data-responsive-json-new='{\"font-size\":\"desktop:20px;\",\"line-height\":\"desktop:30px;\"}'  style=\"\">info@studiohaarfrei.de<\/h3><\/div> <!-- header --><\/div> <!-- aio-ibd-block --><\/div> <!-- aio-icon-box --><\/div> <!-- aio-icon-component --><div class=\"aio-icon-component  vc_custom_1726147689063  accent-icon-color accent-border-color style_1\"><div id=\"Info-box-wrap-7361\" class=\"aio-icon-box left-icon\" style=\"\"  ><div class=\"aio-icon-left\"><div class=\"ult-just-icon-wrapper  \"><div class=\"align-icon\" style=\"text-align:center;\">\n<div class=\"aio-icon advanced \"  style=\"border-style:double;border-color:;border-width:2px;width:48px;height:48px;line-height:48px;border-radius:0px;font-size:30px;display:inline-block;\">\n\t<i class=\"Defaults-clock-o\"><\/i>\n<\/div><\/div><\/div><\/div><div class=\"aio-ibd-block\"><div class=\"aio-icon-header\" ><h3 class=\"aio-icon-title ult-responsive\"  data-ultimate-target='#Info-box-wrap-7361 .aio-icon-title'  data-responsive-json-new='{\"font-size\":\"desktop:20px;\",\"line-height\":\"desktop:30px;\"}'  style=\"\">Termine nur nach Vereinbarung!<\/h3><\/div> <!-- header --><div class=\"aio-icon-description ult-responsive\"  data-ultimate-target='#Info-box-wrap-7361 .aio-icon-description'  data-responsive-json-new='{\"font-size\":\"\",\"line-height\":\"\"}'  style=\"\">\u00d6ffnungszeiten Mo &#8211; Sa 10:00 bis 20:00 Uhr<\/div> <!-- description --><\/div> <!-- aio-ibd-block --><\/div> <!-- aio-icon-box --><\/div> <!-- aio-icon-component -->\n\t<div class=\"wpb_raw_code wpb_raw_html wpb_content_element\" >\n\t\t<div class=\"wpb_wrapper\">\n\t\t\t                        <script src=\"https:\/\/buchung.treatwell.de\/common\/venue-menu\/javascript\/widget-button.js?v1\"><\/script>\r\n\r\n            <script>\r\n              (function() {\r\n                var link = document.createElement(\"link\");\r\n                link.type = \"text\/css\";\r\n                link.href = \"https:\/\/buchung.treatwell.de\/common\/venue-menu\/css\/widget-button.css\";\r\n                link.rel = \"stylesheet\";\r\n                link.media = \"screen\";\r\n                document.getElementsByTagName(\"head\")[0].appendChild(link);\r\n              }());\r\n            <\/script>\r\n\r\n            <a href='https:\/\/www.treatwell.de\/' id=\"wahanda-online-booking-widget\"\r\n                    onclick='wahanda.openOnlineBookingWidget(\"https:\/\/buchung.treatwell.de\/ort\/493232\/menue\/\"); return false;' target=\"_blank\">\r\n                <span>Jetzt Termin buchen!<\/span>\r\n            <\/a>\r\n            \n\t\t<\/div>\n\t<\/div>\n<\/div><\/div><\/div><\/div><\/div><\/div><\/div><div class=\"wpb_column vc_column_container vc_col-sm-12 vc_col-lg-6 vc_col-md-6 vc_col-has-fill\"><div class=\"vc_column-inner vc_custom_1726053909320\"><div class=\"wpb_wrapper\"><div class=\"vc_row wpb_row vc_inner vc_row-fluid\"><div class=\"wpb_column vc_column_container vc_col-sm-10 vc_col-lg-offset-2 vc_col-lg-8 vc_col-md-offset-1 vc_col-md-10 vc_col-sm-offset-1\"><div class=\"vc_column-inner vc_custom_1509347144158\"><div class=\"wpb_wrapper\">\n<div class=\"wpcf7 no-js\" id=\"wpcf7-f3461-o1\" lang=\"de-DE\" dir=\"ltr\" data-wpcf7-id=\"3461\">\n<div class=\"screen-reader-response\"><p role=\"status\" aria-live=\"polite\" aria-atomic=\"true\"><\/p> <ul><\/ul><\/div>\n<form action=\"\/en\/wp-json\/wp\/v2\/pages\/3464#wpcf7-f3461-o1\" method=\"post\" class=\"wpcf7-form init\" aria-label=\"Kontaktformular\" novalidate=\"novalidate\" data-status=\"init\">\n<fieldset class=\"hidden-fields-container\"><input type=\"hidden\" name=\"_wpcf7\" value=\"3461\" \/><input type=\"hidden\" name=\"_wpcf7_version\" value=\"6.1.5\" \/><input type=\"hidden\" name=\"_wpcf7_locale\" value=\"de_DE\" \/><input type=\"hidden\" name=\"_wpcf7_unit_tag\" value=\"wpcf7-f3461-o1\" \/><input type=\"hidden\" name=\"_wpcf7_container_post\" value=\"0\" \/><input type=\"hidden\" name=\"_wpcf7_posted_data_hash\" value=\"\" \/>\n<\/fieldset>\n<div id=\"responsive-form\" class=\"clearfix\">\n\t<div class=\"form-row\">\n\t\t<p class=\"formulartext\"><span class=\"wpcf7-form-control-wrap\" data-name=\"your-name\"><input size=\"40\" maxlength=\"400\" class=\"wpcf7-form-control wpcf7-text wpcf7-validates-as-required\" aria-required=\"true\" aria-invalid=\"false\" placeholder=\"Name, Vorname*\" value=\"\" type=\"text\" name=\"your-name\" \/><\/span>\n\t\t<\/p>\n\t\t<p class=\"formulartext\"><span class=\"wpcf7-form-control-wrap\" data-name=\"your-telefon\"><input size=\"40\" maxlength=\"400\" class=\"wpcf7-form-control wpcf7-text wpcf7-validates-as-required\" aria-required=\"true\" aria-invalid=\"false\" placeholder=\"Telefon*\" value=\"\" type=\"text\" name=\"your-telefon\" \/><\/span>\n\t\t<\/p>\n\t\t<p class=\"formulartext\"><span class=\"wpcf7-form-control-wrap\" data-name=\"your-email\"><input size=\"40\" maxlength=\"400\" class=\"wpcf7-form-control wpcf7-email wpcf7-validates-as-required wpcf7-text wpcf7-validates-as-email\" aria-required=\"true\" aria-invalid=\"false\" placeholder=\"E-Mail*\" value=\"\" type=\"email\" name=\"your-email\" \/><\/span>\n\t\t<\/p>\n\t\t<p class=\"formulartext\"><span class=\"wpcf7-form-control-wrap\" data-name=\"startdate\"><input size=\"40\" maxlength=\"400\" class=\"wpcf7-form-control wpcf7-text datefield\" aria-invalid=\"false\" placeholder=\"Datum\" value=\"\" type=\"text\" name=\"startdate\" \/><\/span>\n\t\t<\/p>\n\t\t<p class=\"formulartext\"><span class=\"wpcf7-form-control-wrap\" data-name=\"your-message\"><textarea cols=\"40\" rows=\"10\" maxlength=\"2000\" class=\"wpcf7-form-control wpcf7-textarea\" aria-invalid=\"false\" placeholder=\"Nachricht\" name=\"your-message\"><\/textarea><\/span>\n\t\t<\/p>\n\t\t<p><span id=\"wpcf7-69f2dfd612a54-wrapper\" class=\"wpcf7-form-control-wrap Telefon-wrap\" style=\"display:none !important; visibility:hidden !important;\"><label for=\"wpcf7-69f2dfd612a54-field\" class=\"hp-message\">Bitte lasse dieses Feld leer.<\/label><input id=\"wpcf7-69f2dfd612a54-field\"  class=\"wpcf7-form-control wpcf7-text\" type=\"text\" name=\"Telefon\" value=\"\" size=\"40\" tabindex=\"-1\" autocomplete=\"new-password\" \/><\/span>\n\t\t<\/p>\n\t\t<p class=\"formulartext\"><span class=\"wpcf7-form-control-wrap\" data-name=\"acceptance-942\"><span class=\"wpcf7-form-control wpcf7-acceptance\"><span class=\"wpcf7-list-item\"><input type=\"checkbox\" name=\"acceptance-942\" value=\"1\" aria-invalid=\"false\" \/><\/span><\/span><\/span><a href=\"\/datenschutz\" target=\"_blank\"> Datenschutzerkl\u00e4rung gelesen<\/a> und zugestimmt!\n\t\t<\/p>\n\t\t<p id=\"testformular2\"><input class=\"wpcf7-form-control wpcf7-submit has-spinner\" type=\"submit\" value=\"Senden\" \/>\n\t\t<\/p>\n\t<\/div>\n<\/div><!--end responsive-form--><div class=\"wpcf7-response-output\" aria-hidden=\"true\"><\/div>\n<\/form>\n<\/div>\n<\/div><\/div><\/div><\/div><\/div><\/div><\/div><\/div><div class=\"vc_row-full-width vc_clearfix\"><\/div><div data-vc-full-width=\"true\" data-vc-full-width-temp=\"true\" data-vc-full-width-init=\"false\" data-vc-stretch-content=\"true\" class=\"vc_row wpb_row vc_row-fluid vc_row-no-padding\"><div class=\"wpb_column vc_column_container vc_col-sm-12\"><div class=\"vc_column-inner\"><div class=\"wpb_wrapper\"><div class=\"wpb_gmaps_widget wpb_content_element vc_custom_1725276131897\"><div class=\"wpb_wrapper\"><div class=\"wpb_map_wraper\"> <div class=\"brlbs-cmpnt-container brlbs-cmpnt-content-blocker brlbs-cmpnt-with-individual-styles\" data-borlabs-cookie-content-blocker-id=\"google-maps\" data-borlabs-cookie-content=\"PGlmcmFtZSBzcmM9Imh0dHBzOi8vd3d3Lmdvb2dsZS5jb20vbWFwcy9lbWJlZD9wYj0hMW0xOCExbTEyITFtMyExZDMzNzg5Ni43Njg4ODA4NzcwNiEyZDEzLjEzMDc0MzA2MTk0NjcwMSEzZDQ4LjU3NTAyNDgyMDYwNDYzITJtMyExZjAhMmYwITNmMCEzbTIhMWkxMDI0ITJpNzY4ITRmMTMuMSEzbTMhMW0yITFzMHg0Nzc0NThhODIzYWVlM2ZkJTNBMHgyZjcyMjFlM2U0NjZhNWU1ITJzU3R1ZGlvJTIwSGFhcmZyZWklMjBQYXNzYXUhNWUwITNtMiExc2RlITJzZGUhNHYxNzI0OTI1MDA1ODY3ITVtMiExc2RlITJzZGUiIHdpZHRoPSI2MDAiIGhlaWdodD0iMzUwIiBzdHlsZT0iYm9yZGVyOjA7IiBhbGxvd2Z1bGxzY3JlZW49IiIgbG9hZGluZz0ibGF6eSIgcmVmZXJyZXJwb2xpY3k9Im5vLXJlZmVycmVyLXdoZW4tZG93bmdyYWRlIj48L2lmcmFtZT4=\"><div class=\"brlbs-cmpnt-cb-preset-b brlbs-cmpnt-cb-google-maps\"> <div class=\"brlbs-cmpnt-cb-thumbnail\" style=\"background-image: url('https:\/\/studiohaarfrei.de\/wp-content\/uploads\/borlabs-cookie\/1\/brlbs-cb-google-maps-main.png')\"><\/div> <div class=\"brlbs-cmpnt-cb-main\"> <div class=\"brlbs-cmpnt-cb-content\"> <p class=\"brlbs-cmpnt-cb-description\">You are currently viewing a placeholder content from <strong>Google Maps<\/strong>. To access the actual content, click the button below. Please note that doing so will share data with third-party providers.<\/p> <a class=\"brlbs-cmpnt-cb-provider-toggle\" href=\"#\" data-borlabs-cookie-show-provider-information role=\"button\">More Information<\/a> <\/div> <div class=\"brlbs-cmpnt-cb-buttons\"> <a class=\"brlbs-cmpnt-cb-btn\" href=\"#\" data-borlabs-cookie-unblock role=\"button\">Unblock content<\/a> <a class=\"brlbs-cmpnt-cb-btn\" href=\"#\" data-borlabs-cookie-accept-service role=\"button\" style=\"display: inherit\">Accept required service and unblock content<\/a> <\/div> <\/div> <\/div><\/div><\/div><\/div><\/div><\/div><\/div><\/div><\/div><div class=\"vc_row-full-width vc_clearfix\"><\/div>\n<\/div>","protected":false},"excerpt":{"rendered":"<p>Termin vereinbaren Gerne stehen wir f\u00fcr Ihre Anfragen jederzeit zur Verf\u00fcgung. Unser Team vom STUDIO Haarfrei Passau freut sich auf Ihre Kontaktaufnahme. Sprechen Sie uns gerne an! Ludwigstra\u00dfe 2 | 94032 Passau +49 851 21247157 info@studiohaarfrei.de Termine nur nach Vereinbarung! \u00d6ffnungszeiten Mo &#8211; Sa 10:00 bis 20:00 Uhr Jetzt Termin buchen! Bitte lasse dieses Feld&hellip;<\/p>","protected":false},"author":1,"featured_media":3613,"parent":0,"menu_order":5,"comment_status":"closed","ping_status":"closed","template":"","meta":{"footnotes":""},"class_list":["post-3464","page","type-page","status-publish","has-post-thumbnail","hentry","description-off"],"yoast_head":"<!-- This site is optimized with the Yoast SEO plugin v27.5 - https:\/\/yoast.com\/product\/yoast-seo-wordpress\/ -->\n<title>Kontakt &amp; Service * Studio Haarfrei Passau<\/title>\n<meta name=\"description\" content=\"Kontakt und Service \u27a4 Ludwigstra\u00dfe 2, 94032 Passau \u27a4 Telefon +49 851 21247157 \u272d E-Mail info@studiohaarfrei.de \u272d jetzt Termin buchen\" \/>\n<meta name=\"robots\" content=\"index, follow, max-snippet:-1, max-image-preview:large, max-video-preview:-1\" \/>\n<link rel=\"canonical\" href=\"https:\/\/studiohaarfrei.de\/en\/kontakt\/\" \/>\n<meta property=\"og:locale\" content=\"en_GB\" \/>\n<meta property=\"og:type\" content=\"article\" \/>\n<meta property=\"og:title\" content=\"Kontakt &amp; Service * Studio Haarfrei Passau\" \/>\n<meta property=\"og:description\" content=\"Kontakt und Service \u27a4 Ludwigstra\u00dfe 2, 94032 Passau \u27a4 Telefon +49 851 21247157 \u272d E-Mail info@studiohaarfrei.de \u272d jetzt Termin buchen\" \/>\n<meta property=\"og:url\" content=\"https:\/\/studiohaarfrei.de\/en\/kontakt\/\" \/>\n<meta property=\"og:site_name\" content=\"Studio Haarfrei Passau\" \/>\n<meta property=\"article:publisher\" content=\"https:\/\/www.facebook.com\/StudioHaarfreiPassau\" \/>\n<meta property=\"article:modified_time\" content=\"2025-09-12T11:01:04+00:00\" \/>\n<meta property=\"og:image\" content=\"https:\/\/studiohaarfrei.de\/wp-content\/uploads\/2024\/09\/Dauerhafte-Haarentfernung-Start-Kontakt.jpg\" \/>\n\t<meta property=\"og:image:width\" content=\"1920\" \/>\n\t<meta property=\"og:image:height\" content=\"1080\" \/>\n\t<meta property=\"og:image:type\" content=\"image\/jpeg\" \/>\n<meta name=\"twitter:card\" content=\"summary_large_image\" \/>\n<meta name=\"twitter:label1\" content=\"Estimated reading time\" \/>\n\t<meta name=\"twitter:data1\" content=\"2 minutes\" \/>\n<script type=\"application\/ld+json\" class=\"yoast-schema-graph\">{\"@context\":\"https:\\\/\\\/schema.org\",\"@graph\":[{\"@type\":\"WebPage\",\"@id\":\"https:\\\/\\\/studiohaarfrei.de\\\/kontakt\\\/\",\"url\":\"https:\\\/\\\/studiohaarfrei.de\\\/kontakt\\\/\",\"name\":\"Kontakt & Service * Studio Haarfrei Passau\",\"isPartOf\":{\"@id\":\"https:\\\/\\\/studiohaarfrei.de\\\/#website\"},\"primaryImageOfPage\":{\"@id\":\"https:\\\/\\\/studiohaarfrei.de\\\/kontakt\\\/#primaryimage\"},\"image\":{\"@id\":\"https:\\\/\\\/studiohaarfrei.de\\\/kontakt\\\/#primaryimage\"},\"thumbnailUrl\":\"https:\\\/\\\/studiohaarfrei.de\\\/wp-content\\\/uploads\\\/2024\\\/09\\\/Dauerhafte-Haarentfernung-Start-Kontakt.jpg\",\"datePublished\":\"2016-07-12T20:43:33+00:00\",\"dateModified\":\"2025-09-12T11:01:04+00:00\",\"description\":\"Kontakt und Service \u27a4 Ludwigstra\u00dfe 2, 94032 Passau \u27a4 Telefon +49 851 21247157 \u272d E-Mail info@studiohaarfrei.de \u272d jetzt Termin buchen\",\"breadcrumb\":{\"@id\":\"https:\\\/\\\/studiohaarfrei.de\\\/kontakt\\\/#breadcrumb\"},\"inLanguage\":\"en-GB\",\"potentialAction\":[{\"@type\":\"ReadAction\",\"target\":[\"https:\\\/\\\/studiohaarfrei.de\\\/kontakt\\\/\"]}]},{\"@type\":\"ImageObject\",\"inLanguage\":\"en-GB\",\"@id\":\"https:\\\/\\\/studiohaarfrei.de\\\/kontakt\\\/#primaryimage\",\"url\":\"https:\\\/\\\/studiohaarfrei.de\\\/wp-content\\\/uploads\\\/2024\\\/09\\\/Dauerhafte-Haarentfernung-Start-Kontakt.jpg\",\"contentUrl\":\"https:\\\/\\\/studiohaarfrei.de\\\/wp-content\\\/uploads\\\/2024\\\/09\\\/Dauerhafte-Haarentfernung-Start-Kontakt.jpg\",\"width\":1920,\"height\":1080,\"caption\":\"Dauerhafte Haarentfernung Kontakt\"},{\"@type\":\"BreadcrumbList\",\"@id\":\"https:\\\/\\\/studiohaarfrei.de\\\/kontakt\\\/#breadcrumb\",\"itemListElement\":[{\"@type\":\"ListItem\",\"position\":1,\"name\":\"Startseite\",\"item\":\"https:\\\/\\\/studiohaarfrei.de\\\/\"},{\"@type\":\"ListItem\",\"position\":2,\"name\":\"Kontakt\"}]},{\"@type\":\"WebSite\",\"@id\":\"https:\\\/\\\/studiohaarfrei.de\\\/#website\",\"url\":\"https:\\\/\\\/studiohaarfrei.de\\\/\",\"name\":\"Studio Haarfrei Passau\",\"description\":\"Haarentfernung mit  Diodenlaser\",\"publisher\":{\"@id\":\"https:\\\/\\\/studiohaarfrei.de\\\/#organization\"},\"potentialAction\":[{\"@type\":\"SearchAction\",\"target\":{\"@type\":\"EntryPoint\",\"urlTemplate\":\"https:\\\/\\\/studiohaarfrei.de\\\/?s={search_term_string}\"},\"query-input\":{\"@type\":\"PropertyValueSpecification\",\"valueRequired\":true,\"valueName\":\"search_term_string\"}}],\"inLanguage\":\"en-GB\"},{\"@type\":\"Organization\",\"@id\":\"https:\\\/\\\/studiohaarfrei.de\\\/#organization\",\"name\":\"Studio Haarfrei Passau\",\"url\":\"https:\\\/\\\/studiohaarfrei.de\\\/\",\"logo\":{\"@type\":\"ImageObject\",\"inLanguage\":\"en-GB\",\"@id\":\"https:\\\/\\\/studiohaarfrei.de\\\/#\\\/schema\\\/logo\\\/image\\\/\",\"url\":\"https:\\\/\\\/studiohaarfrei.de\\\/wp-content\\\/uploads\\\/2024\\\/08\\\/Logo-normal-300.png\",\"contentUrl\":\"https:\\\/\\\/studiohaarfrei.de\\\/wp-content\\\/uploads\\\/2024\\\/08\\\/Logo-normal-300.png\",\"width\":300,\"height\":128,\"caption\":\"Studio Haarfrei Passau\"},\"image\":{\"@id\":\"https:\\\/\\\/studiohaarfrei.de\\\/#\\\/schema\\\/logo\\\/image\\\/\"},\"sameAs\":[\"https:\\\/\\\/www.facebook.com\\\/StudioHaarfreiPassau\",\"https:\\\/\\\/www.instagram.com\\\/studiohaarfreipassau\\\/\"]}]}<\/script>\n<!-- \/ Yoast SEO plugin. -->","yoast_head_json":{"title":"Kontakt & Service * Studio Haarfrei Passau","description":"Kontakt und Service \u27a4 Ludwigstra\u00dfe 2, 94032 Passau \u27a4 Telefon +49 851 21247157 \u272d E-Mail info@studiohaarfrei.de \u272d jetzt Termin buchen","robots":{"index":"index","follow":"follow","max-snippet":"max-snippet:-1","max-image-preview":"max-image-preview:large","max-video-preview":"max-video-preview:-1"},"canonical":"https:\/\/studiohaarfrei.de\/en\/kontakt\/","og_locale":"en_GB","og_type":"article","og_title":"Kontakt & Service * Studio Haarfrei Passau","og_description":"Kontakt und Service \u27a4 Ludwigstra\u00dfe 2, 94032 Passau \u27a4 Telefon +49 851 21247157 \u272d E-Mail info@studiohaarfrei.de \u272d jetzt Termin buchen","og_url":"https:\/\/studiohaarfrei.de\/en\/kontakt\/","og_site_name":"Studio Haarfrei Passau","article_publisher":"https:\/\/www.facebook.com\/StudioHaarfreiPassau","article_modified_time":"2025-09-12T11:01:04+00:00","og_image":[{"width":1920,"height":1080,"url":"https:\/\/studiohaarfrei.de\/wp-content\/uploads\/2024\/09\/Dauerhafte-Haarentfernung-Start-Kontakt.jpg","type":"image\/jpeg"}],"twitter_card":"summary_large_image","twitter_misc":{"Estimated reading time":"2 minutes"},"schema":{"@context":"https:\/\/schema.org","@graph":[{"@type":"WebPage","@id":"https:\/\/studiohaarfrei.de\/kontakt\/","url":"https:\/\/studiohaarfrei.de\/kontakt\/","name":"Kontakt & Service * Studio Haarfrei Passau","isPartOf":{"@id":"https:\/\/studiohaarfrei.de\/#website"},"primaryImageOfPage":{"@id":"https:\/\/studiohaarfrei.de\/kontakt\/#primaryimage"},"image":{"@id":"https:\/\/studiohaarfrei.de\/kontakt\/#primaryimage"},"thumbnailUrl":"https:\/\/studiohaarfrei.de\/wp-content\/uploads\/2024\/09\/Dauerhafte-Haarentfernung-Start-Kontakt.jpg","datePublished":"2016-07-12T20:43:33+00:00","dateModified":"2025-09-12T11:01:04+00:00","description":"Kontakt und Service \u27a4 Ludwigstra\u00dfe 2, 94032 Passau \u27a4 Telefon +49 851 21247157 \u272d E-Mail info@studiohaarfrei.de \u272d jetzt Termin buchen","breadcrumb":{"@id":"https:\/\/studiohaarfrei.de\/kontakt\/#breadcrumb"},"inLanguage":"en-GB","potentialAction":[{"@type":"ReadAction","target":["https:\/\/studiohaarfrei.de\/kontakt\/"]}]},{"@type":"ImageObject","inLanguage":"en-GB","@id":"https:\/\/studiohaarfrei.de\/kontakt\/#primaryimage","url":"https:\/\/studiohaarfrei.de\/wp-content\/uploads\/2024\/09\/Dauerhafte-Haarentfernung-Start-Kontakt.jpg","contentUrl":"https:\/\/studiohaarfrei.de\/wp-content\/uploads\/2024\/09\/Dauerhafte-Haarentfernung-Start-Kontakt.jpg","width":1920,"height":1080,"caption":"Dauerhafte Haarentfernung Kontakt"},{"@type":"BreadcrumbList","@id":"https:\/\/studiohaarfrei.de\/kontakt\/#breadcrumb","itemListElement":[{"@type":"ListItem","position":1,"name":"Startseite","item":"https:\/\/studiohaarfrei.de\/"},{"@type":"ListItem","position":2,"name":"Kontakt"}]},{"@type":"WebSite","@id":"https:\/\/studiohaarfrei.de\/#website","url":"https:\/\/studiohaarfrei.de\/","name":"Studio Haarfrei Passau","description":"Hair removal with diode laser","publisher":{"@id":"https:\/\/studiohaarfrei.de\/#organization"},"potentialAction":[{"@type":"SearchAction","target":{"@type":"EntryPoint","urlTemplate":"https:\/\/studiohaarfrei.de\/?s={search_term_string}"},"query-input":{"@type":"PropertyValueSpecification","valueRequired":true,"valueName":"search_term_string"}}],"inLanguage":"en-GB"},{"@type":"Organization","@id":"https:\/\/studiohaarfrei.de\/#organization","name":"Studio Haarfrei Passau","url":"https:\/\/studiohaarfrei.de\/","logo":{"@type":"ImageObject","inLanguage":"en-GB","@id":"https:\/\/studiohaarfrei.de\/#\/schema\/logo\/image\/","url":"https:\/\/studiohaarfrei.de\/wp-content\/uploads\/2024\/08\/Logo-normal-300.png","contentUrl":"https:\/\/studiohaarfrei.de\/wp-content\/uploads\/2024\/08\/Logo-normal-300.png","width":300,"height":128,"caption":"Studio Haarfrei Passau"},"image":{"@id":"https:\/\/studiohaarfrei.de\/#\/schema\/logo\/image\/"},"sameAs":["https:\/\/www.facebook.com\/StudioHaarfreiPassau","https:\/\/www.instagram.com\/studiohaarfreipassau\/"]}]}},"_links":{"self":[{"href":"https:\/\/studiohaarfrei.de\/en\/wp-json\/wp\/v2\/pages\/3464","targetHints":{"allow":["GET"]}}],"collection":[{"href":"https:\/\/studiohaarfrei.de\/en\/wp-json\/wp\/v2\/pages"}],"about":[{"href":"https:\/\/studiohaarfrei.de\/en\/wp-json\/wp\/v2\/types\/page"}],"author":[{"embeddable":true,"href":"https:\/\/studiohaarfrei.de\/en\/wp-json\/wp\/v2\/users\/1"}],"replies":[{"embeddable":true,"href":"https:\/\/studiohaarfrei.de\/en\/wp-json\/wp\/v2\/comments?post=3464"}],"version-history":[{"count":51,"href":"https:\/\/studiohaarfrei.de\/en\/wp-json\/wp\/v2\/pages\/3464\/revisions"}],"predecessor-version":[{"id":18182,"href":"https:\/\/studiohaarfrei.de\/en\/wp-json\/wp\/v2\/pages\/3464\/revisions\/18182"}],"wp:featuredmedia":[{"embeddable":true,"href":"https:\/\/studiohaarfrei.de\/en\/wp-json\/wp\/v2\/media\/3613"}],"wp:attachment":[{"href":"https:\/\/studiohaarfrei.de\/en\/wp-json\/wp\/v2\/media?parent=3464"}],"curies":[{"name":"wp","href":"https:\/\/api.w.org\/{rel}","templated":true}]}}